{"id":12927,"date":"2025-11-02T14:34:27","date_gmt":"2025-11-02T13:34:27","guid":{"rendered":"https:\/\/www.gjh.de\/frog\/?page_id=12927"},"modified":"2025-11-19T13:45:50","modified_gmt":"2025-11-19T12:45:50","slug":"christina-baehr-chrissi","status":"publish","type":"page","link":"https:\/\/www.gjh.de\/frog\/ueber-uns\/der-landesvorstand\/christina-baehr-chrissi\/","title":{"rendered":"Christina B\u00e4hr (Chrissi)"},"content":{"rendered":"\n<div class=\"wp-block-media-text alignwide has-media-on-the-right is-stacked-on-mobile\"><div class=\"wp-block-media-text__content\">\n<p><\/p>\n\n\n\n<p><\/p>\n\n\n\n<p><strong>Pronomen<\/strong>: sie\/ihr<br><br><strong>Amt<\/strong>: FINTA* politische Sprecherin<br><br><strong>Alter<\/strong>: 27<br><br><strong>T\u00e4tigkeit<\/strong>: Studentin<br><br><strong>Kreisverband<\/strong>: Gie\u00dfen<br><br><strong>Themenschwerpunkte<\/strong>: Antifaschismus, intersektionaler Feminismus, soziale Gerechtigkeit<br><br><strong>Ich engagiere mich in der Politik<\/strong>, weil ich dazu beitragen m\u00f6chte unsere Welt zu ver\u00e4ndern und mehr Solidarit\u00e4t in politische Auseinandersetzungen bringen m\u00f6chte.<br><br><strong>Wenn ich nicht bei der GR\u00dcNEN JUGEND unterwegs bin<\/strong>, sitze ich h\u00e4kelnd oder strickend in einem Orga-Plenum f\u00fcr die n\u00e4chste Demo.<br><br><strong>Regionale Ansprechpartner f\u00fcr<\/strong>: KV Frankfurt, KV Hochtaunus, KV Vogelsberg, KV Wetterau<\/p>\n\n\n\n<p><strong>Koordinatorin f\u00fcr:<\/strong> Kommunalwahlteam, AK Au\u00dfenpolitik, AK ABDI (Antifaschismus, Bildung, Demokratie und Innenpolitik)<br><br>Kontakt: <a href=\"mailto:christina.baehr@gjh.de\">christina.baehr@gjh.de<\/a><\/p>\n\n\n\n<p>Instagram: <a href=\"https:\/\/www.instagram.com\/christinacarlottaa\/\">@christinacarlottaa<\/a><\/p>\n\n\n\n<p>Telegram: @chrissi.1312<\/p>\n<\/div><figure class=\"wp-block-media-text__media\"><img loading=\"lazy\" decoding=\"async\" width=\"822\" height=\"1024\" src=\"https:\/\/www.gjh.de\/frog\/wp-content\/uploads\/photo_2025-11-17_14-58-35-822x1024.jpg\" alt=\"\" class=\"wp-image-12937 size-full\" srcset=\"https:\/\/www.gjh.de\/frog\/wp-content\/uploads\/photo_2025-11-17_14-58-35-822x1024.jpg 822w, https:\/\/www.gjh.de\/frog\/wp-content\/uploads\/photo_2025-11-17_14-58-35-241x300.jpg 241w, https:\/\/www.gjh.de\/frog\/wp-content\/uploads\/photo_2025-11-17_14-58-35-1233x1536.jpg 1233w, https:\/\/www.gjh.de\/frog\/wp-content\/uploads\/photo_2025-11-17_14-58-35-1644x2048.jpg 1644w, https:\/\/www.gjh.de\/frog\/wp-content\/uploads\/photo_2025-11-17_14-58-35-281x350.jpg 281w, https:\/\/www.gjh.de\/frog\/wp-content\/uploads\/photo_2025-11-17_14-58-35-562x700.jpg 562w, https:\/\/www.gjh.de\/frog\/wp-content\/uploads\/photo_2025-11-17_14-58-35-2000x2491.jpg 2000w\" sizes=\"auto, (max-width: 822px) 100vw, 822px\" \/><\/figure><\/div>\n","protected":false},"excerpt":{"rendered":"<p>Pronomen: sie\/ihr Amt: FINTA* politische Sprecherin Alter: 27 T\u00e4tigkeit: Studentin Kreisverband: Gie\u00dfen Themenschwerpunkte: Antifaschismus, intersektionaler Feminismus, soziale Gerechtigkeit Ich engagiere mich in der Politik, weil ich dazu beitragen m\u00f6chte unsere Welt zu ver\u00e4ndern und mehr Solidarit\u00e4t in politische Auseinandersetzungen bringen m\u00f6chte. Wenn ich nicht bei der GR\u00dcNEN JUGEND unterwegs bin, sitze ich h\u00e4kelnd oder strickend [&hellip;]<\/p>\n","protected":false},"author":1,"featured_media":0,"parent":31,"menu_order":0,"comment_status":"closed","ping_status":"closed","template":"","meta":{"footnotes":""},"class_list":["post-12927","page","type-page","status-publish","hentry"],"yoast_head":"<!-- This site is optimized with the Yoast SEO plugin v27.5 - https:\/\/yoast.com\/product\/yoast-seo-wordpress\/ -->\n<title>Landesvorstand: Christina B\u00e4hr<\/title>\n<meta name=\"description\" content=\"FINTA* politische Sprecherin Christina B\u00e4hr (Chrissi) aus dem Kreisverband Gie\u00dfen.\" \/>\n<meta name=\"robots\" content=\"index, follow, max-snippet:-1, max-image-preview:large, max-video-preview:-1\" \/>\n<link rel=\"canonical\" href=\"https:\/\/www.gjh.de\/frog\/ueber-uns\/der-landesvorstand\/christina-baehr-chrissi\/\" \/>\n<meta property=\"og:locale\" content=\"de_DE\" \/>\n<meta property=\"og:type\" content=\"article\" \/>\n<meta property=\"og:title\" content=\"Landesvorstand: Christina B\u00e4hr\" \/>\n<meta property=\"og:description\" content=\"FINTA* politische Sprecherin Christina B\u00e4hr (Chrissi) aus dem Kreisverband Gie\u00dfen.\" \/>\n<meta property=\"og:url\" content=\"https:\/\/www.gjh.de\/frog\/ueber-uns\/der-landesvorstand\/christina-baehr-chrissi\/\" \/>\n<meta property=\"og:site_name\" content=\"GR\u00dcNE JUGEND Hessen\" \/>\n<meta property=\"article:modified_time\" content=\"2025-11-19T12:45:50+00:00\" \/>\n<meta property=\"og:image\" content=\"https:\/\/www.gjh.de\/frog\/wp-content\/uploads\/photo_2025-11-17_14-58-35-822x1024.jpg\" \/>\n<meta name=\"twitter:card\" content=\"summary_large_image\" \/>\n<meta name=\"twitter:label1\" content=\"Gesch\u00e4tzte Lesezeit\" \/>\n\t<meta name=\"twitter:data1\" content=\"1\u00a0Minute\" \/>\n<script type=\"application\/ld+json\" class=\"yoast-schema-graph\">{\"@context\":\"https:\\\/\\\/schema.org\",\"@graph\":[{\"@type\":\"WebPage\",\"@id\":\"https:\\\/\\\/www.gjh.de\\\/frog\\\/ueber-uns\\\/der-landesvorstand\\\/christina-baehr-chrissi\\\/\",\"url\":\"https:\\\/\\\/www.gjh.de\\\/frog\\\/ueber-uns\\\/der-landesvorstand\\\/christina-baehr-chrissi\\\/\",\"name\":\"Landesvorstand: Christina B\u00e4hr\",\"isPartOf\":{\"@id\":\"https:\\\/\\\/www.gjh.de\\\/frog\\\/#website\"},\"primaryImageOfPage\":{\"@id\":\"https:\\\/\\\/www.gjh.de\\\/frog\\\/ueber-uns\\\/der-landesvorstand\\\/christina-baehr-chrissi\\\/#primaryimage\"},\"image\":{\"@id\":\"https:\\\/\\\/www.gjh.de\\\/frog\\\/ueber-uns\\\/der-landesvorstand\\\/christina-baehr-chrissi\\\/#primaryimage\"},\"thumbnailUrl\":\"https:\\\/\\\/www.gjh.de\\\/frog\\\/wp-content\\\/uploads\\\/photo_2025-11-17_14-58-35-822x1024.jpg\",\"datePublished\":\"2025-11-02T13:34:27+00:00\",\"dateModified\":\"2025-11-19T12:45:50+00:00\",\"description\":\"FINTA* politische Sprecherin Christina B\u00e4hr (Chrissi) aus dem Kreisverband Gie\u00dfen.\",\"breadcrumb\":{\"@id\":\"https:\\\/\\\/www.gjh.de\\\/frog\\\/ueber-uns\\\/der-landesvorstand\\\/christina-baehr-chrissi\\\/#breadcrumb\"},\"inLanguage\":\"de\",\"potentialAction\":[{\"@type\":\"ReadAction\",\"target\":[\"https:\\\/\\\/www.gjh.de\\\/frog\\\/ueber-uns\\\/der-landesvorstand\\\/christina-baehr-chrissi\\\/\"]}]},{\"@type\":\"ImageObject\",\"inLanguage\":\"de\",\"@id\":\"https:\\\/\\\/www.gjh.de\\\/frog\\\/ueber-uns\\\/der-landesvorstand\\\/christina-baehr-chrissi\\\/#primaryimage\",\"url\":\"https:\\\/\\\/www.gjh.de\\\/frog\\\/wp-content\\\/uploads\\\/photo_2025-11-17_14-58-35.jpg\",\"contentUrl\":\"https:\\\/\\\/www.gjh.de\\\/frog\\\/wp-content\\\/uploads\\\/photo_2025-11-17_14-58-35.jpg\",\"width\":2055,\"height\":2560},{\"@type\":\"BreadcrumbList\",\"@id\":\"https:\\\/\\\/www.gjh.de\\\/frog\\\/ueber-uns\\\/der-landesvorstand\\\/christina-baehr-chrissi\\\/#breadcrumb\",\"itemListElement\":[{\"@type\":\"ListItem\",\"position\":1,\"name\":\"Startseite\",\"item\":\"https:\\\/\\\/www.gjh.de\\\/frog\\\/\"},{\"@type\":\"ListItem\",\"position\":2,\"name\":\"\u00dcber uns\",\"item\":\"https:\\\/\\\/www.gjh.de\\\/frog\\\/ueber-uns\\\/\"},{\"@type\":\"ListItem\",\"position\":3,\"name\":\"Landesvorstand\",\"item\":\"https:\\\/\\\/www.gjh.de\\\/frog\\\/ueber-uns\\\/der-landesvorstand\\\/\"},{\"@type\":\"ListItem\",\"position\":4,\"name\":\"Christina B\u00e4hr (Chrissi)\"}]},{\"@type\":\"WebSite\",\"@id\":\"https:\\\/\\\/www.gjh.de\\\/frog\\\/#website\",\"url\":\"https:\\\/\\\/www.gjh.de\\\/frog\\\/\",\"name\":\"GR\u00dcNE JUGEND Hessen\",\"description\":\"\",\"potentialAction\":[{\"@type\":\"SearchAction\",\"target\":{\"@type\":\"EntryPoint\",\"urlTemplate\":\"https:\\\/\\\/www.gjh.de\\\/frog\\\/?s={search_term_string}\"},\"query-input\":{\"@type\":\"PropertyValueSpecification\",\"valueRequired\":true,\"valueName\":\"search_term_string\"}}],\"inLanguage\":\"de\"}]}<\/script>\n<!-- \/ Yoast SEO plugin. -->","yoast_head_json":{"title":"Landesvorstand: Christina B\u00e4hr","description":"FINTA* politische Sprecherin Christina B\u00e4hr (Chrissi) aus dem Kreisverband Gie\u00dfen.","robots":{"index":"index","follow":"follow","max-snippet":"max-snippet:-1","max-image-preview":"max-image-preview:large","max-video-preview":"max-video-preview:-1"},"canonical":"https:\/\/www.gjh.de\/frog\/ueber-uns\/der-landesvorstand\/christina-baehr-chrissi\/","og_locale":"de_DE","og_type":"article","og_title":"Landesvorstand: Christina B\u00e4hr","og_description":"FINTA* politische Sprecherin Christina B\u00e4hr (Chrissi) aus dem Kreisverband Gie\u00dfen.","og_url":"https:\/\/www.gjh.de\/frog\/ueber-uns\/der-landesvorstand\/christina-baehr-chrissi\/","og_site_name":"GR\u00dcNE JUGEND Hessen","article_modified_time":"2025-11-19T12:45:50+00:00","og_image":[{"url":"https:\/\/www.gjh.de\/frog\/wp-content\/uploads\/photo_2025-11-17_14-58-35-822x1024.jpg","type":"","width":"","height":""}],"twitter_card":"summary_large_image","twitter_misc":{"Gesch\u00e4tzte Lesezeit":"1\u00a0Minute"},"schema":{"@context":"https:\/\/schema.org","@graph":[{"@type":"WebPage","@id":"https:\/\/www.gjh.de\/frog\/ueber-uns\/der-landesvorstand\/christina-baehr-chrissi\/","url":"https:\/\/www.gjh.de\/frog\/ueber-uns\/der-landesvorstand\/christina-baehr-chrissi\/","name":"Landesvorstand: Christina B\u00e4hr","isPartOf":{"@id":"https:\/\/www.gjh.de\/frog\/#website"},"primaryImageOfPage":{"@id":"https:\/\/www.gjh.de\/frog\/ueber-uns\/der-landesvorstand\/christina-baehr-chrissi\/#primaryimage"},"image":{"@id":"https:\/\/www.gjh.de\/frog\/ueber-uns\/der-landesvorstand\/christina-baehr-chrissi\/#primaryimage"},"thumbnailUrl":"https:\/\/www.gjh.de\/frog\/wp-content\/uploads\/photo_2025-11-17_14-58-35-822x1024.jpg","datePublished":"2025-11-02T13:34:27+00:00","dateModified":"2025-11-19T12:45:50+00:00","description":"FINTA* politische Sprecherin Christina B\u00e4hr (Chrissi) aus dem Kreisverband Gie\u00dfen.","breadcrumb":{"@id":"https:\/\/www.gjh.de\/frog\/ueber-uns\/der-landesvorstand\/christina-baehr-chrissi\/#breadcrumb"},"inLanguage":"de","potentialAction":[{"@type":"ReadAction","target":["https:\/\/www.gjh.de\/frog\/ueber-uns\/der-landesvorstand\/christina-baehr-chrissi\/"]}]},{"@type":"ImageObject","inLanguage":"de","@id":"https:\/\/www.gjh.de\/frog\/ueber-uns\/der-landesvorstand\/christina-baehr-chrissi\/#primaryimage","url":"https:\/\/www.gjh.de\/frog\/wp-content\/uploads\/photo_2025-11-17_14-58-35.jpg","contentUrl":"https:\/\/www.gjh.de\/frog\/wp-content\/uploads\/photo_2025-11-17_14-58-35.jpg","width":2055,"height":2560},{"@type":"BreadcrumbList","@id":"https:\/\/www.gjh.de\/frog\/ueber-uns\/der-landesvorstand\/christina-baehr-chrissi\/#breadcrumb","itemListElement":[{"@type":"ListItem","position":1,"name":"Startseite","item":"https:\/\/www.gjh.de\/frog\/"},{"@type":"ListItem","position":2,"name":"\u00dcber uns","item":"https:\/\/www.gjh.de\/frog\/ueber-uns\/"},{"@type":"ListItem","position":3,"name":"Landesvorstand","item":"https:\/\/www.gjh.de\/frog\/ueber-uns\/der-landesvorstand\/"},{"@type":"ListItem","position":4,"name":"Christina B\u00e4hr (Chrissi)"}]},{"@type":"WebSite","@id":"https:\/\/www.gjh.de\/frog\/#website","url":"https:\/\/www.gjh.de\/frog\/","name":"GR\u00dcNE JUGEND Hessen","description":"","potentialAction":[{"@type":"SearchAction","target":{"@type":"EntryPoint","urlTemplate":"https:\/\/www.gjh.de\/frog\/?s={search_term_string}"},"query-input":{"@type":"PropertyValueSpecification","valueRequired":true,"valueName":"search_term_string"}}],"inLanguage":"de"}]}},"_links":{"self":[{"href":"https:\/\/www.gjh.de\/frog\/wp-json\/wp\/v2\/pages\/12927","targetHints":{"allow":["GET"]}}],"collection":[{"href":"https:\/\/www.gjh.de\/frog\/wp-json\/wp\/v2\/pages"}],"about":[{"href":"https:\/\/www.gjh.de\/frog\/wp-json\/wp\/v2\/types\/page"}],"author":[{"embeddable":true,"href":"https:\/\/www.gjh.de\/frog\/wp-json\/wp\/v2\/users\/1"}],"replies":[{"embeddable":true,"href":"https:\/\/www.gjh.de\/frog\/wp-json\/wp\/v2\/comments?post=12927"}],"version-history":[{"count":8,"href":"https:\/\/www.gjh.de\/frog\/wp-json\/wp\/v2\/pages\/12927\/revisions"}],"predecessor-version":[{"id":12990,"href":"https:\/\/www.gjh.de\/frog\/wp-json\/wp\/v2\/pages\/12927\/revisions\/12990"}],"up":[{"embeddable":true,"href":"https:\/\/www.gjh.de\/frog\/wp-json\/wp\/v2\/pages\/31"}],"wp:attachment":[{"href":"https:\/\/www.gjh.de\/frog\/wp-json\/wp\/v2\/media?parent=12927"}],"curies":[{"name":"wp","href":"https:\/\/api.w.org\/{rel}","templated":true}]}}